{"id":17287,"date":"2022-05-16T16:53:29","date_gmt":"2022-05-16T16:53:29","guid":{"rendered":"https:\/\/www.bucaneve.it\/?post_type=offerte-speciali&#038;p=17287"},"modified":"2025-08-25T09:20:26","modified_gmt":"2025-08-25T09:20:26","slug":"offres-pour-les-familles","status":"publish","type":"offerte-speciali","link":"https:\/\/www.bucaneve.it\/fr\/offres-speciales\/offres-pour-les-familles\/","title":{"rendered":"Semaine d&rsquo;hiver pour familles \u00e0 Livigno 2025\/26"},"content":{"rendered":"\t\t<div data-elementor-type=\"wp-post\" data-elementor-id=\"17287\" class=\"elementor elementor-17287 elementor-6154\" data-elementor-post-type=\"offerte-speciali\">\n\t\t\t\t\t\t<section class=\"elementor-section elementor-top-section elementor-element elementor-element-0cd16f7 elementor-section-boxed elementor-section-height-default elementor-section-height-default\" data-id=\"0cd16f7\" data-element_type=\"section\" data-e-type=\"section\">\n\t\t\t\t\t\t<div class=\"elementor-container elementor-column-gap-default\">\n\t\t\t\t\t<div class=\"elementor-column elementor-col-100 elementor-top-column elementor-element elementor-element-c4015ac\" data-id=\"c4015ac\" data-element_type=\"column\" data-e-type=\"column\">\n\t\t\t<div class=\"elementor-widget-wrap elementor-element-populated\">\n\t\t\t\t\t\t<div class=\"elementor-element elementor-element-5778796 elementor-widget elementor-widget-text-editor\" data-id=\"5778796\" data-element_type=\"widget\" data-e-type=\"widget\" data-widget_type=\"text-editor.default\">\n\t\t\t\t<div class=\"elementor-widget-container\">\n\t\t\t\t\t\t\t\t\t<p>D\u00e9couvrez nos\u00a0<strong>offres pour skier \u00e0 Livigno<\/strong>, con\u00e7ues express\u00e9ment pour toutes\u00a0<strong>les familles avec des enfants<\/strong>, id\u00e9ales pour jouer sur la\u00a0<strong>neige<\/strong>\u00a0et se d\u00e9tendre dans le\u00a0<strong>centre wellness<\/strong>\u00a0de notre h\u00f4tel, reconnu \u00e0 tous les effets comme\u00a0<strong>Family H\u00f4tel!<\/strong>\u00a0<br \/><br \/>Vous trouverez des environnements raffin\u00e9s et de nombreux services qui rendront votre s\u00e9jour \u00e0\u00a0<strong>l\u2019h\u00f4tel Bucaneve de Livigno unique.<\/strong> R\u00e9servez t\u00f4t pour l\u2019hiver 2025-26 \u00e0 Livigno et red\u00e9couvrez le plaisir de vous d\u00e9tendre dans un H\u00f4tel 4 \u00e9toiles et compris dans le prix que nous vous offrirons :<\/p>\t\t\t\t\t\t\t\t<\/div>\n\t\t\t\t<\/div>\n\t\t\t\t<div class=\"elementor-element elementor-element-32e9bc2 elementor-widget elementor-widget-text-editor\" data-id=\"32e9bc2\" data-element_type=\"widget\" data-e-type=\"widget\" data-widget_type=\"text-editor.default\">\n\t\t\t\t<div class=\"elementor-widget-container\">\n\t\t\t\t\t\t\t\t\t<ul><li>\u00a0<strong>Restaurant<\/strong>\u00a0avec un espace Show Cooking et service 3\/4 pension (<strong>demi-pension + snack<\/strong>\u00a0\u00e0 partir de 16h15)<\/li><li><strong>Bucaneve Kids Club<\/strong>\u00a0o\u00f9 les enfants de 4 \u00e0 12 ans peuvent participer, de 15h \u00e0 22h30, \u00e0 des activit\u00e9s, des jeux et des go\u00fbters propos\u00e9s par l\u2019\u00e9quipe d\u2019animation de l\u2019H\u00f4tel ! En plus d\u2019une aire de jeux, vous trouverez \u00e0 partir de cette ann\u00e9e une\u00a0<strong>piscine d\u00e9di\u00e9e aux enfants dans notre h\u00f4tel de Livigno<\/strong>, ainsi qu\u2019un sauna bio pour toute la famille<\/li><li><strong>Mini<\/strong>\u00a0<strong>Club<\/strong>\u00a0pour les enfants de 2 \u00e0 4 ans, sur demande le matin pour que les parents puissent skier et se d\u00e9tendre pendant que les enfants s\u2019amusent avec nos animateurs, avec\u00a0<strong>service de garderie<\/strong><\/li><li><strong>Centre de bien-\u00eatre et de beaut\u00e9<\/strong>\u00a0avec un parcours de bien-\u00eatre comprenant des saunas, un bain turc, un bain \u00e0 r\u00e9action, des bains \u00e0 remous, des espaces de relaxation, une piscine int\u00e9rieure chauff\u00e9e et une salle de sport \u00e9quip\u00e9e de mat\u00e9riel Technogym. Si vous r\u00e9servez directement votre s\u00e9jour, vous b\u00e9n\u00e9ficierez\u00a0<strong>d\u2019une r\u00e9duction de 5% sur les traitements de beaut\u00e9 et les massages<\/strong>\u00a0s\u00e9lectionn\u00e9s pour vous par notre esth\u00e9ticienne avec des produits enti\u00e8rement naturels<\/li><li>\u00a0En r\u00e9servant\u00a0<strong>nos suites<\/strong>, vous aurez acc\u00e8s \u00e0 notre garage ferm\u00e9 et pour les r\u00e9servations hebdomadaires, nous vous offrirons un massage de 30 minutes<\/li><li><strong>\u00a0Un parking ext\u00e9rieur\u00a0<\/strong>est toujours disponible sur place<\/li><li>\u00a0Convention avec David\u2019s Rental Ski, \u00e0 quelques pas de l\u2019H\u00f4tel, qui vous permettra de\u00a0<strong>louer des skis avec une r\u00e9duction de 20%\u00a0<\/strong>et de les livrer dans votre casier chauff\u00e9 et aseptis\u00e9 dans le Skiroom de l\u2019H\u00f4tel<\/li><li>\u00a0Vous pouvez \u00e9galement acheter\u00a0<strong>votre Skipass \u00e0 l\u2019H\u00f4tel<\/strong>\u00a0pour commencer vos vacances sur les pistes de ski.<\/li><li><strong>Bus de l\u2019h\u00f4tel<\/strong>\u00a0disponible de 8h30 \u00e0 11h00 pour vous emmener sur les pistes de ski<\/li><\/ul>\t\t\t\t\t\t\t\t<\/div>\n\t\t\t\t<\/div>\n\t\t\t\t\t<\/div>\n\t\t<\/div>\n\t\t\t\t\t<\/div>\n\t\t<\/section>\n\t\t\t\t<section class=\"elementor-section elementor-top-section elementor-element elementor-element-1a8b597 elementor-section-boxed elementor-section-height-default elementor-section-height-default\" data-id=\"1a8b597\" data-element_type=\"section\" data-e-type=\"section\">\n\t\t\t\t\t\t<div class=\"elementor-container elementor-column-gap-default\">\n\t\t\t\t\t<div class=\"elementor-column elementor-col-100 elementor-top-column elementor-element elementor-element-61d89b8\" data-id=\"61d89b8\" data-element_type=\"column\" data-e-type=\"column\" data-settings=\"{&quot;background_background&quot;:&quot;classic&quot;}\">\n\t\t\t<div class=\"elementor-widget-wrap elementor-element-populated\">\n\t\t\t\t\t\t<div class=\"elementor-element elementor-element-86d6387 elementor-widget elementor-widget-heading\" data-id=\"86d6387\" data-element_type=\"widget\" data-e-type=\"widget\" data-widget_type=\"heading.default\">\n\t\t\t\t<div class=\"elementor-widget-container\">\n\t\t\t\t\t<h4 class=\"elementor-heading-title elementor-size-default\">Offre pour la semaine sur la neige<\/h4>\t\t\t\t<\/div>\n\t\t\t\t<\/div>\n\t\t\t\t<div class=\"elementor-element elementor-element-b19b220 elementor-widget elementor-widget-text-editor\" data-id=\"b19b220\" data-element_type=\"widget\" data-e-type=\"widget\" data-widget_type=\"text-editor.default\">\n\t\t\t\t<div class=\"elementor-widget-container\">\n\t\t\t\t\t\t\t\t\t<p>\u2026<em>seulement en r\u00e9servant \u00e0 l\u2019avance vous \u00eates s\u00fbr de trouver vos chambres pr\u00e9f\u00e9r\u00e9es et de garantir votre place<\/em>!<\/p>\t\t\t\t\t\t\t\t<\/div>\n\t\t\t\t<\/div>\n\t\t\t\t<div class=\"elementor-element elementor-element-7407324 elementor-widget elementor-widget-spacer\" data-id=\"7407324\" data-element_type=\"widget\" data-e-type=\"widget\" data-widget_type=\"spacer.default\">\n\t\t\t\t<div class=\"elementor-widget-container\">\n\t\t\t\t\t\t\t<div class=\"elementor-spacer\">\n\t\t\t<div class=\"elementor-spacer-inner\"><\/div>\n\t\t<\/div>\n\t\t\t\t\t\t<\/div>\n\t\t\t\t<\/div>\n\t\t\t\t<div class=\"elementor-element elementor-element-9f10365 elementor-widget elementor-widget-heading\" data-id=\"9f10365\" data-element_type=\"widget\" data-e-type=\"widget\" data-widget_type=\"heading.default\">\n\t\t\t\t<div class=\"elementor-widget-container\">\n\t\t\t\t\t<h2 class=\"elementor-heading-title elementor-size-default\">\u00c0 partir de 104,50 \u20ac par personne et par jour in B&amp;B<\/h2>\t\t\t\t<\/div>\n\t\t\t\t<\/div>\n\t\t\t\t<div class=\"elementor-element elementor-element-49194e9 elementor-widget elementor-widget-spacer\" data-id=\"49194e9\" data-element_type=\"widget\" data-e-type=\"widget\" data-widget_type=\"spacer.default\">\n\t\t\t\t<div class=\"elementor-widget-container\">\n\t\t\t\t\t\t\t<div class=\"elementor-spacer\">\n\t\t\t<div class=\"elementor-spacer-inner\"><\/div>\n\t\t<\/div>\n\t\t\t\t\t\t<\/div>\n\t\t\t\t<\/div>\n\t\t\t\t<div class=\"elementor-element elementor-element-cbd79e5 elementor-widget elementor-widget-text-editor\" data-id=\"cbd79e5\" data-element_type=\"widget\" data-e-type=\"widget\" data-widget_type=\"text-editor.default\">\n\t\t\t\t<div class=\"elementor-widget-container\">\n\t\t\t\t\t\t\t\t\t<div class=\"CA5\"><div class=\"CA5\"><div class=\"elementor-element elementor-element-73e163a elementor-widget elementor-widget-text-editor\" data-id=\"73e163a\" data-element_type=\"widget\" data-widget_type=\"text-editor.default\"><div class=\"elementor-widget-container\"><p>* Le tarif indiqu\u00e9 est celui pr\u00e9vu pour une mise\u00a0 initiale. Les tarifs peuvent varier en fonction du type de chambre choisi.<\/p><\/div><\/div><\/div><\/div>\t\t\t\t\t\t\t\t<\/div>\n\t\t\t\t<\/div>\n\t\t\t\t<div class=\"elementor-element elementor-element-2a2814f elementor-widget elementor-widget-spacer\" data-id=\"2a2814f\" data-element_type=\"widget\" data-e-type=\"widget\" data-widget_type=\"spacer.default\">\n\t\t\t\t<div class=\"elementor-widget-container\">\n\t\t\t\t\t\t\t<div class=\"elementor-spacer\">\n\t\t\t<div class=\"elementor-spacer-inner\"><\/div>\n\t\t<\/div>\n\t\t\t\t\t\t<\/div>\n\t\t\t\t<\/div>\n\t\t\t\t<div class=\"elementor-element elementor-element-183a7d8 elementor-widget elementor-widget-heading\" data-id=\"183a7d8\" data-element_type=\"widget\" data-e-type=\"widget\" data-widget_type=\"heading.default\">\n\t\t\t\t<div class=\"elementor-widget-container\">\n\t\t\t\t\t<div class=\"elementor-heading-title elementor-size-default\">Et vous pouvez assurer vos vacances avec le <i class=\"fa-regular fa-shield-check\"><\/i> BeSafe Winter Plus!<\/div>\t\t\t\t<\/div>\n\t\t\t\t<\/div>\n\t\t\t\t<div class=\"elementor-element elementor-element-8dcdd1f elementor-widget elementor-widget-spacer\" data-id=\"8dcdd1f\" data-element_type=\"widget\" data-e-type=\"widget\" data-widget_type=\"spacer.default\">\n\t\t\t\t<div class=\"elementor-widget-container\">\n\t\t\t\t\t\t\t<div class=\"elementor-spacer\">\n\t\t\t<div class=\"elementor-spacer-inner\"><\/div>\n\t\t<\/div>\n\t\t\t\t\t\t<\/div>\n\t\t\t\t<\/div>\n\t\t\t\t<div class=\"elementor-element elementor-element-e56b7f3 elementor-widget elementor-widget-image\" data-id=\"e56b7f3\" data-element_type=\"widget\" data-e-type=\"widget\" data-widget_type=\"image.default\">\n\t\t\t\t<div class=\"elementor-widget-container\">\n\t\t\t\t\t\t\t\t\t\t\t\t\t\t\t<img fetchpriority=\"high\" decoding=\"async\" width=\"1024\" height=\"681\" src=\"https:\/\/www.bucaneve.it\/wp-content\/uploads\/2022\/05\/neve-bambini-1024x681.jpg\" class=\"attachment-large size-large wp-image-10919\" alt=\"\" srcset=\"https:\/\/www.bucaneve.it\/wp-content\/uploads\/2022\/05\/neve-bambini-1024x681.jpg 1024w, https:\/\/www.bucaneve.it\/wp-content\/uploads\/2022\/05\/neve-bambini-300x200.jpg 300w, https:\/\/www.bucaneve.it\/wp-content\/uploads\/2022\/05\/neve-bambini-768x511.jpg 768w, https:\/\/www.bucaneve.it\/wp-content\/uploads\/2022\/05\/neve-bambini-1536x1022.jpg 1536w, https:\/\/www.bucaneve.it\/wp-content\/uploads\/2022\/05\/neve-bambini.jpg 1920w\" sizes=\"(max-width: 1024px) 100vw, 1024px\" \/>\t\t\t\t\t\t\t\t\t\t\t\t\t\t\t<\/div>\n\t\t\t\t<\/div>\n\t\t\t\t\t<\/div>\n\t\t<\/div>\n\t\t\t\t\t<\/div>\n\t\t<\/section>\n\t\t\t\t<section class=\"elementor-section elementor-top-section elementor-element elementor-element-66aa60b elementor-section-boxed elementor-section-height-default elementor-section-height-default\" data-id=\"66aa60b\" data-element_type=\"section\" data-e-type=\"section\">\n\t\t\t\t\t\t<div class=\"elementor-container elementor-column-gap-default\">\n\t\t\t\t\t<div class=\"elementor-column elementor-col-100 elementor-top-column elementor-element elementor-element-617ced8\" data-id=\"617ced8\" data-element_type=\"column\" data-e-type=\"column\">\n\t\t\t<div class=\"elementor-widget-wrap elementor-element-populated\">\n\t\t\t\t\t\t<div class=\"elementor-element elementor-element-6a1f8ca elementor-widget elementor-widget-button\" data-id=\"6a1f8ca\" data-element_type=\"widget\" data-e-type=\"widget\" data-widget_type=\"button.default\">\n\t\t\t\t<div class=\"elementor-widget-container\">\n\t\t\t\t\t\t\t\t\t<div class=\"elementor-button-wrapper\">\n\t\t\t\t\t<a class=\"elementor-button elementor-button-link elementor-size-sm\" href=\"#info\">\n\t\t\t\t\t\t<span class=\"elementor-button-content-wrapper\">\n\t\t\t\t\t\t\t\t\t<span class=\"elementor-button-text\">Demandez des informations!<\/span>\n\t\t\t\t\t<\/span>\n\t\t\t\t\t<\/a>\n\t\t\t\t<\/div>\n\t\t\t\t\t\t\t\t<\/div>\n\t\t\t\t<\/div>\n\t\t\t\t\t<\/div>\n\t\t<\/div>\n\t\t\t\t\t<\/div>\n\t\t<\/section>\n\t\t\t\t<section class=\"elementor-section elementor-top-section elementor-element elementor-element-d362b99 elementor-section-boxed elementor-section-height-default elementor-section-height-default\" data-id=\"d362b99\" data-element_type=\"section\" data-e-type=\"section\">\n\t\t\t\t\t\t<div class=\"elementor-container elementor-column-gap-default\">\n\t\t\t\t\t<div class=\"elementor-column elementor-col-50 elementor-top-column elementor-element elementor-element-f3efb3b\" data-id=\"f3efb3b\" data-element_type=\"column\" data-e-type=\"column\">\n\t\t\t<div class=\"elementor-widget-wrap elementor-element-populated\">\n\t\t\t\t\t\t<div class=\"elementor-element elementor-element-261e060 elementor-widget elementor-widget-image\" data-id=\"261e060\" data-element_type=\"widget\" data-e-type=\"widget\" data-widget_type=\"image.default\">\n\t\t\t\t<div class=\"elementor-widget-container\">\n\t\t\t\t\t\t\t\t\t\t\t\t\t\t\t<img decoding=\"async\" width=\"1024\" height=\"1024\" src=\"https:\/\/www.bucaneve.it\/wp-content\/uploads\/2022\/05\/BeSafe-Winter-Plus-testo-EN-1024x1024.png\" class=\"attachment-large size-large wp-image-13918\" alt=\"\" srcset=\"https:\/\/www.bucaneve.it\/wp-content\/uploads\/2022\/05\/BeSafe-Winter-Plus-testo-EN-1024x1024.png 1024w, https:\/\/www.bucaneve.it\/wp-content\/uploads\/2022\/05\/BeSafe-Winter-Plus-testo-EN-300x300.png 300w, https:\/\/www.bucaneve.it\/wp-content\/uploads\/2022\/05\/BeSafe-Winter-Plus-testo-EN-150x150.png 150w, https:\/\/www.bucaneve.it\/wp-content\/uploads\/2022\/05\/BeSafe-Winter-Plus-testo-EN-768x768.png 768w, https:\/\/www.bucaneve.it\/wp-content\/uploads\/2022\/05\/BeSafe-Winter-Plus-testo-EN-700x700.png 700w, https:\/\/www.bucaneve.it\/wp-content\/uploads\/2022\/05\/BeSafe-Winter-Plus-testo-EN.png 1200w\" sizes=\"(max-width: 1024px) 100vw, 1024px\" \/>\t\t\t\t\t\t\t\t\t\t\t\t\t\t\t<\/div>\n\t\t\t\t<\/div>\n\t\t\t\t\t<\/div>\n\t\t<\/div>\n\t\t\t\t<div class=\"elementor-column elementor-col-50 elementor-top-column elementor-element elementor-element-f664824\" data-id=\"f664824\" data-element_type=\"column\" data-e-type=\"column\" data-settings=\"{&quot;background_background&quot;:&quot;classic&quot;}\">\n\t\t\t<div class=\"elementor-widget-wrap elementor-element-populated\">\n\t\t\t\t\t\t<div class=\"elementor-element elementor-element-255befe elementor-widget elementor-widget-text-editor\" data-id=\"255befe\" data-element_type=\"widget\" data-e-type=\"widget\" data-widget_type=\"text-editor.default\">\n\t\t\t\t<div class=\"elementor-widget-container\">\n\t\t\t\t\t\t\t\t\t<p>Choisissez\u00a0<em>BeSafe Winter Plus<\/em>, le tarif avec assurance incluse qui vous prot\u00e8ge avant et pendant votre s\u00e9jour, et vous permet d\u2019annuler votre voyage et de recevoir votre remboursement en seulement 7 jours!<\/p>\t\t\t\t\t\t\t\t<\/div>\n\t\t\t\t<\/div>\n\t\t\t\t<div class=\"elementor-element elementor-element-1177298 elementor-widget elementor-widget-button\" data-id=\"1177298\" data-element_type=\"widget\" data-e-type=\"widget\" data-widget_type=\"button.default\">\n\t\t\t\t<div class=\"elementor-widget-container\">\n\t\t\t\t\t\t\t\t\t<div class=\"elementor-button-wrapper\">\n\t\t\t\t\t<a class=\"elementor-button elementor-button-link elementor-size-sm\" href=\"https:\/\/www.bucaneve.it\/wp-content\/uploads\/2024\/01\/BeSafeWinterPlus_en.pdf.pdf\" target=\"_blank\">\n\t\t\t\t\t\t<span class=\"elementor-button-content-wrapper\">\n\t\t\t\t\t\t\t\t\t<span class=\"elementor-button-text\">D\u00e9couvrez les avantages<\/span>\n\t\t\t\t\t<\/span>\n\t\t\t\t\t<\/a>\n\t\t\t\t<\/div>\n\t\t\t\t\t\t\t\t<\/div>\n\t\t\t\t<\/div>\n\t\t\t\t\t<\/div>\n\t\t<\/div>\n\t\t\t\t\t<\/div>\n\t\t<\/section>\n\t\t\t\t<section class=\"elementor-section elementor-top-section elementor-element elementor-element-9e8ea43 elementor-section-boxed elementor-section-height-default elementor-section-height-default\" data-id=\"9e8ea43\" data-element_type=\"section\" data-e-type=\"section\">\n\t\t\t\t\t\t<div class=\"elementor-container elementor-column-gap-default\">\n\t\t\t\t\t<div class=\"elementor-column elementor-col-100 elementor-top-column elementor-element elementor-element-2a753b8\" data-id=\"2a753b8\" data-element_type=\"column\" data-e-type=\"column\">\n\t\t\t<div class=\"elementor-widget-wrap elementor-element-populated\">\n\t\t\t\t\t\t<div class=\"elementor-element elementor-element-a173c42 elementor-widget elementor-widget-heading\" data-id=\"a173c42\" data-element_type=\"widget\" data-e-type=\"widget\" data-widget_type=\"heading.default\">\n\t\t\t\t<div class=\"elementor-widget-container\">\n\t\t\t\t\t<h4 class=\"elementor-heading-title elementor-size-default\">VOYAGEZ L\u00c9GERS: DE NOMBREUSES COMMODIT\u00c9S BABY A L'HOTEL<\/h4>\t\t\t\t<\/div>\n\t\t\t\t<\/div>\n\t\t\t\t<div class=\"elementor-element elementor-element-a04d9e5 elementor-widget elementor-widget-text-editor\" data-id=\"a04d9e5\" data-element_type=\"widget\" data-e-type=\"widget\" data-widget_type=\"text-editor.default\">\n\t\t\t\t<div class=\"elementor-widget-container\">\n\t\t\t\t\t\t\t\t\t<p>Les avantages de choisir notre\u00a0<strong>family hotel du Livigno<\/strong>\u00a0(reconnu \u00e0 tous les effets) sont nombreux:<\/p><ul><li>Lits avec barri\u00e8res adaptable<\/li><li>Table \u00e0 langer, petites baignoires puor le bain, r\u00e9ducteurs WC<\/li><li>Chauffe-biberon<\/li><li>Chaises d\u2019enfant<\/li><li>Menus personnalisables pour enfants<\/li><li>Bouillies et soupes sur demande<\/li><li>Informations sur les activit\u00e8s pour familles \u00e0 Livigno<\/li><li>Assistance p\u00e9diatrique (sur demande et payante)<\/li><\/ul><p>En outre, le service machine \u00e0 laver et\u00a0<strong>s\u00e8che-linge \u00e0 jetons<\/strong>\u00a0permettra \u00e0 toutes les mamans de voyager avec la valise et le coeur l\u00e9gers, sans trop de soucis pendant la pr\u00e9paration des bagages! Si vous souhatez ne jamais perdre de vue vos\u00a0<strong>enfants<\/strong>\u00a0 pendant les\u00a0<strong>vacances \u00e0 la montagne<\/strong>, choisissez les\u00a0<strong>chambres<\/strong>\u00a0<strong>communicantes<\/strong>.<\/p>\t\t\t\t\t\t\t\t<\/div>\n\t\t\t\t<\/div>\n\t\t\t\t<div class=\"elementor-element elementor-element-016ec09 elementor-widget elementor-widget-spacer\" data-id=\"016ec09\" data-element_type=\"widget\" data-e-type=\"widget\" data-widget_type=\"spacer.default\">\n\t\t\t\t<div class=\"elementor-widget-container\">\n\t\t\t\t\t\t\t<div class=\"elementor-spacer\">\n\t\t\t<div class=\"elementor-spacer-inner\"><\/div>\n\t\t<\/div>\n\t\t\t\t\t\t<\/div>\n\t\t\t\t<\/div>\n\t\t\t\t<div class=\"elementor-element elementor-element-0fd47e1 elementor-widget elementor-widget-heading\" data-id=\"0fd47e1\" data-element_type=\"widget\" data-e-type=\"widget\" data-widget_type=\"heading.default\">\n\t\t\t\t<div class=\"elementor-widget-container\">\n\t\t\t\t\t<h4 class=\"elementor-heading-title elementor-size-default\">CONSEILS POUE LES FAMILLES: VOIL\u00c0 CE QUE L'ON PEUT FAIRE \u00c0 LIVIGNO<\/h4>\t\t\t\t<\/div>\n\t\t\t\t<\/div>\n\t\t\t\t<div class=\"elementor-element elementor-element-425ad9d elementor-widget elementor-widget-text-editor\" data-id=\"425ad9d\" data-element_type=\"widget\" data-e-type=\"widget\" data-widget_type=\"text-editor.default\">\n\t\t\t\t<div class=\"elementor-widget-container\">\n\t\t\t\t\t\t\t\t\t<p>Les id\u00e9es pour les\u00a0<strong>excursions en Valtellina<\/strong>\u00a0sont nombreuses et, en s\u00e9journant \u00e0 l\u2019<strong>h\u00f4tel<\/strong>\u00a0\u00e0 seulement\u00a0<strong>100 m\u00e8tres des installations de remont\u00e9e du Mottolino<\/strong>, vous devriez profiter des nombreuses\u00a0<strong>\u00e9coles de ski de Livigno<\/strong>, du\u00a0<em>Kinder Club Lupigno<\/em>\u00a0et du service de\u00a0<strong>baby-sitter\u00a0<\/strong>dans le\u00a0<em>refuge M\u2019Eating Point<\/em>\u00a0pour que les premi\u00e8res\u00a0<strong>vacances sur la neige des enfants<\/strong>\u00a0deviennent inoubliables, pour toute la\u00a0<strong>famille<\/strong>.<br \/><br \/>La proximit\u00e9 de l\u2019<strong>h\u00f4tel avec\u00a0<\/strong>la<strong>\u00a0zone pi\u00e9tonne\u00a0<\/strong>vous permettra en outre d\u2019arriver dans les\u00a0<strong>rues du shopping \u00e0 Livigno<\/strong>\u00a0sans m\u00eame traverser une rue, l\u2019id\u00e9al quand on a plusieurs\u00a0<strong>enfants\u00a0<\/strong>\u00e0 contr\u00f4ler, vous ne croyez pas?<\/p>\t\t\t\t\t\t\t\t<\/div>\n\t\t\t\t<\/div>\n\t\t\t\t\t<\/div>\n\t\t<\/div>\n\t\t\t\t\t<\/div>\n\t\t<\/section>\n\t\t\t\t<\/div>\n\t\t","protected":false},"excerpt":{"rendered":"<p>Voici les offres des h\u00f4tels familiaux pour une semaine blanche dans la Valteline, pour un s\u00e9jour alliant d\u00e9tente et divertissement pour petits et grands!<\/p>\n","protected":false},"author":1,"featured_media":6915,"menu_order":16,"comment_status":"open","ping_status":"open","template":"","format":"standard","meta":{"_acf_changed":false,"footnotes":""},"categories":[],"tags":[],"offerte-speciali_folder":[81],"class_list":["post-17287","offerte-speciali","type-offerte-speciali","status-publish","format-standard","has-post-thumbnail","hentry"],"acf":[],"_links":{"self":[{"href":"https:\/\/www.bucaneve.it\/fr\/wp-json\/wp\/v2\/offerte-speciali\/17287","targetHints":{"allow":["GET"]}}],"collection":[{"href":"https:\/\/www.bucaneve.it\/fr\/wp-json\/wp\/v2\/offerte-speciali"}],"about":[{"href":"https:\/\/www.bucaneve.it\/fr\/wp-json\/wp\/v2\/types\/offerte-speciali"}],"author":[{"embeddable":true,"href":"https:\/\/www.bucaneve.it\/fr\/wp-json\/wp\/v2\/users\/1"}],"replies":[{"embeddable":true,"href":"https:\/\/www.bucaneve.it\/fr\/wp-json\/wp\/v2\/comments?post=17287"}],"version-history":[{"count":8,"href":"https:\/\/www.bucaneve.it\/fr\/wp-json\/wp\/v2\/offerte-speciali\/17287\/revisions"}],"predecessor-version":[{"id":17409,"href":"https:\/\/www.bucaneve.it\/fr\/wp-json\/wp\/v2\/offerte-speciali\/17287\/revisions\/17409"}],"wp:featuredmedia":[{"embeddable":true,"href":"https:\/\/www.bucaneve.it\/fr\/wp-json\/wp\/v2\/media\/6915"}],"wp:attachment":[{"href":"https:\/\/www.bucaneve.it\/fr\/wp-json\/wp\/v2\/media?parent=17287"}],"wp:term":[{"taxonomy":"category","embeddable":true,"href":"https:\/\/www.bucaneve.it\/fr\/wp-json\/wp\/v2\/categories?post=17287"},{"taxonomy":"post_tag","embeddable":true,"href":"https:\/\/www.bucaneve.it\/fr\/wp-json\/wp\/v2\/tags?post=17287"},{"taxonomy":"offerte-speciali_folder","embeddable":true,"href":"https:\/\/www.bucaneve.it\/fr\/wp-json\/wp\/v2\/offerte-speciali_folder?post=17287"}],"curies":[{"name":"wp","href":"https:\/\/api.w.org\/{rel}","templated":true}]}}